{"id":184,"date":"2023-11-11T17:56:00","date_gmt":"2023-11-11T16:56:00","guid":{"rendered":"http:\/\/formation-rebouteux.fr\/?page_id=184"},"modified":"2026-01-04T02:58:17","modified_gmt":"2026-01-04T01:58:17","slug":"formations","status":"publish","type":"page","link":"http:\/\/formation-rebouteux.fr\/?page_id=184","title":{"rendered":"OSTEO REBOUTEUX\u00ae"},"content":{"rendered":"\t\t<div data-elementor-type=\"wp-page\" data-elementor-id=\"184\" class=\"elementor elementor-184\">\n\t\t\t\t<div class=\"elementor-element elementor-element-4ddb6c1 e-flex e-con-boxed wpr-particle-no wpr-jarallax-no wpr-parallax-no wpr-sticky-section-no e-con e-parent\" data-id=\"4ddb6c1\" data-element_type=\"container\">\n\t\t\t\t\t<div class=\"e-con-inner\">\n\t\t\t\t<div class=\"elementor-element elementor-element-5d76be1 elementor-widget elementor-widget-heading\" data-id=\"5d76be1\" data-element_type=\"widget\" data-widget_type=\"heading.default\">\n\t\t\t\t<div class=\"elementor-widget-container\">\n\t\t\t<style>\/*! elementor - v3.21.0 - 26-05-2024 *\/\n.elementor-heading-title{padding:0;margin:0;line-height:1}.elementor-widget-heading .elementor-heading-title[class*=elementor-size-]>a{color:inherit;font-size:inherit;line-height:inherit}.elementor-widget-heading .elementor-heading-title.elementor-size-small{font-size:15px}.elementor-widget-heading .elementor-heading-title.elementor-size-medium{font-size:19px}.elementor-widget-heading .elementor-heading-title.elementor-size-large{font-size:29px}.elementor-widget-heading .elementor-heading-title.elementor-size-xl{font-size:39px}.elementor-widget-heading .elementor-heading-title.elementor-size-xxl{font-size:59px}<\/style><h6 class=\"elementor-heading-title elementor-size-default\">OSTEO REBOUTEUX\u00ae<\/h6>\t\t<\/div>\n\t\t\t\t<\/div>\n\t\t\t\t<div class=\"elementor-element elementor-element-46257a46 elementor-widget elementor-widget-text-editor\" data-id=\"46257a46\" data-element_type=\"widget\" data-widget_type=\"text-editor.default\">\n\t\t\t\t<div class=\"elementor-widget-container\">\n\t\t\t<style>\/*! elementor - v3.21.0 - 26-05-2024 *\/\n.elementor-widget-text-editor.elementor-drop-cap-view-stacked .elementor-drop-cap{background-color:#69727d;color:#fff}.elementor-widget-text-editor.elementor-drop-cap-view-framed .elementor-drop-cap{color:#69727d;border:3px solid;background-color:transparent}.elementor-widget-text-editor:not(.elementor-drop-cap-view-default) .elementor-drop-cap{margin-top:8px}.elementor-widget-text-editor:not(.elementor-drop-cap-view-default) .elementor-drop-cap-letter{width:1em;height:1em}.elementor-widget-text-editor .elementor-drop-cap{float:left;text-align:center;line-height:1;font-size:50px}.elementor-widget-text-editor .elementor-drop-cap-letter{display:inline-block}<\/style>\t\t\t\t<p><!-- wp:paragraph --><\/p>\n<p><em style=\"font-size: inherit; color: var( --e-global-color-text ); font-family: var( --e-global-typography-text-font-family ), Sans-serif; font-weight: var( --e-global-typography-text-font-weight ); text-align: var(--text-align);\"><span style=\"color: #000000;\"><strong>\u00ab La Formation <\/strong><\/span><span style=\"color: #3366ff;\"><strong><span style=\"color: #000000;\">Ost\u00e9o-Rebouteux est une invitation<\/span>\u00a0<\/strong><\/span><span style=\"color: #000000;\"><strong>\u00e0 r\u00e9v\u00e9ler et d\u00e9velopper le potentiel de gu\u00e9risseur pr\u00e9sent en chacun(e). Elle s&rsquo;appuie sur une approche \u00e9quilibr\u00e9e entre pratique, th\u00e9orie et ressenti, favorisant l&rsquo;\u00e9veil, la transmission et le partage, dans un cadre accessible \u00e0 tous niveaux.<\/strong><\/span><\/em><\/p>\n<p><em style=\"font-size: inherit; color: var( --e-global-color-text ); font-family: var( --e-global-typography-text-font-family ), Sans-serif; font-weight: var( --e-global-typography-text-font-weight ); text-align: var(--text-align);\"><span style=\"color: #000000;\"><strong> Traditionnellement, le rebouteux d\u00e9couvre son don puis le d\u00e9veloppe par la pratique, souvent transmis au sein d&rsquo;une lign\u00e9e familiale. Ce don peut \u00eatre inn\u00e9, acquis ou h\u00e9r\u00e9ditaire, parfois m\u00eame r\u00e9appara\u00eetre apr\u00e8s une ou plusieurs g\u00e9n\u00e9rations. Il peut \u00e9galement se r\u00e9v\u00e9ler ou s&rsquo;\u00e9veiller \u00e0 l&rsquo;occasion d&rsquo;une formation, d&rsquo;une initiation ou d&rsquo;une rencontre d\u00e9terminante. L&#8217;empathie constitue alors la pierre angulaire de cette capacit\u00e9 \u00e0 accompagner, ressentir et soulager.<\/strong><\/span><\/em><\/p>\n<p><em style=\"font-size: inherit; color: var( --e-global-color-text ); font-family: var( --e-global-typography-text-font-family ), Sans-serif; font-weight: var( --e-global-typography-text-font-weight ); text-align: var(--text-align);\"><span style=\"color: #000000;\"><strong>La formation professionnelle propos\u00e9e ici se veut une rencontre fondatrice, destin\u00e9e \u00e0 r\u00e9v\u00e9ler et d\u00e9velopper les capacit\u00e9s propres \u00e0 chacun(e), qu&rsquo;elles soient en devenir ou d\u00e9j\u00e0 pr\u00e9sentes. elle invite chaque participant(e) \u00e0 mieux comprendre son fonctionnement, affiner ses ressentis et construire une pratique authentique et consciente.<\/strong><\/span><\/em><\/p>\n<p><em style=\"font-size: inherit; color: var( --e-global-color-text ); font-family: var( --e-global-typography-text-font-family ), Sans-serif; font-weight: var( --e-global-typography-text-font-weight ); text-align: var(--text-align);\"><span style=\"color: #000000;\"><strong>L&rsquo;Ost\u00e9o-Rebouteux\u00ae ne se limite pas aux seules techniques manuelles. il est l&rsquo;h\u00e9ritier de m\u00e9thodes ancestrales et empiriques, enrichies par l&rsquo;exp\u00e9rience, l&rsquo;\u00e9coute et la transmission. Il incarne une pratique globale qui permet d&rsquo;aller au-del\u00e0 du geste pour redonner toute sa place au ressenti int\u00e9rieur, \u00e0 la pr\u00e9sence et \u00e0 l&rsquo;intention.<\/strong><\/span><\/em><\/p>\n<p><!-- \/wp:paragraph --><\/p>\n<p><!-- wp:paragraph --><\/p>\n<p><!-- \/wp:paragraph --><\/p>\n<p><!-- wp:paragraph --><\/p>\n<p><!-- \/wp:paragraph --><\/p>\n<p><!-- wp:paragraph --><\/p>\n<p><!-- \/wp:paragraph --><\/p>\n<p><!-- wp:paragraph --><\/p>\n<p><!-- \/wp:paragraph --><\/p>\n<p><!-- wp:paragraph --><\/p>\n<p><!-- \/wp:paragraph --><\/p>\n<p><!-- wp:paragraph --><\/p>\n<p><em><span style=\"color: #000000;\"><strong>Il appartient ensuite \u00e0 chacun(e) d&rsquo;accueillir, en toute conscience, ce mouvement int\u00e9rieur qui conduit naturellement vers la grande famille des gu\u00e9risseurs, jusqu&rsquo;\u00e0 l&rsquo;\u00e9mergence d&rsquo;une v\u00e9ritable vocation. \u00bb<\/strong><br \/><\/span><\/em><\/p>\n<p><!-- \/wp:paragraph --><\/p>\n<p><!-- wp:paragraph --><\/p>\n<p><em>CHRISTOPHE BOURGEOIS<\/em><\/p>\n<p><!-- \/wp:paragraph --><\/p>\n<p><!-- wp:paragraph --><\/p>\n<p><strong><span style=\"color: #ff0000;\">\u00a0<\/span><\/strong><\/p>\n<p><strong><span style=\"color: #ff0000;\">INTERVENANTS<br \/><\/span><\/strong><\/p>\n<p><!-- \/wp:paragraph --><\/p>\n<p><!-- wp:separator --><\/p>\n<hr class=\"wp-block-separator has-alpha-channel-opacity\" \/>\n<p><!-- \/wp:separator --><\/p>\n<p><!-- wp:image {\"align\":\"right\",\"id\":1018} --><\/p>\n<figure class=\"wp-block-image alignright\"><img decoding=\"async\" src=\"http:\/\/formation-rebouteux.fr\/wp-content\/uploads\/2019\/09\/IMG-osteo-rebouteux-1-225x300.jpg\" alt=\"\" class=\"wp-image-1018 alignright\" width=\"179\" height=\"239\" srcset=\"http:\/\/formation-rebouteux.fr\/wp-content\/uploads\/2019\/09\/IMG-osteo-rebouteux-1-225x300.jpg 225w, http:\/\/formation-rebouteux.fr\/wp-content\/uploads\/2019\/09\/IMG-osteo-rebouteux-1-768x1024.jpg 768w, http:\/\/formation-rebouteux.fr\/wp-content\/uploads\/2019\/09\/IMG-osteo-rebouteux-1.jpg 1200w\" sizes=\"(max-width: 179px) 100vw, 179px\" \/><\/figure>\n<p><!-- \/wp:image --><\/p>\n<p><!-- wp:paragraph --><\/p>\n<p><a href=\"http:\/\/1 &lt;\/p&gt; &lt;p&gt;&amp;copy; 2010-2018 WPbeginenr.com&lt;\/p&gt; &lt;p&gt;\"><span style=\"color: #000000;\"><\/span><\/a><span style=\"color: #00ccff;\"><strong>CHRISTOPHE BOURGEOIS<\/strong><\/span><\/p>\n<p><!-- \/wp:paragraph --><\/p>\n<p><!-- wp:list --><\/p>\n<ul>\n<li style=\"list-style-type: none;\">\n<ul><!-- wp:list-item --><\/ul>\n<\/li>\n<\/ul>\n<p><strong><span style=\"color: #000000;\">Cr\u00e9ateur &amp; Formateur de la m\u00e9thode Ost\u00e9o-Rebouteux\u00ae <\/span><\/strong><span style=\"color: #000000;\">(<\/span><span style=\"color: #000000;\"><em>dipl\u00f4m\u00e9 de l&rsquo;Acad\u00e9mie de Gen\u00e8ve, marque d\u00e9pos\u00e9e, 20 ann\u00e9es d&rsquo;expertise et de transmission)<\/em><\/span><\/p>\n<p><!-- \/wp:list-item --><\/p>\n<p><!-- wp:list-item --><\/p>\n<p><!-- \/wp:list-item --><\/p>\n<p><!-- wp:list-item --><\/p>\n<p><strong><span style=\"color: #000000;\">Magn\u00e9tiseur <\/span><\/strong><em><span style=\"color: #000000;\">(18 ans de b\u00e9n\u00e9volat aux h\u00f4pitaux de Gen\u00e8ve)<\/span><\/em><\/p>\n<p><strong><span style=\"color: #000000;\">Conseiller en Nutrition<\/span><\/strong><em><span style=\"color: #000000;\"> (Phytoth\u00e9rapie)<\/span><\/em><\/p>\n<p><strong><span style=\"color: #000000;\">Instructeur et Formateur en secourisme <\/span><\/strong><em><span style=\"color: #000000;\">\u00a0<\/span><\/em><\/p>\n<p><!-- \/wp:list-item --><\/p>\n<p><!-- wp:list-item --><\/p>\n<p><!-- \/wp:list-item --><\/p>\n<p><!-- wp:list-item --><\/p>\n<p><strong><span style=\"color: #000000;\">Instructeur en Arts Martiaux &amp; Professeur de Qi Gong <\/span><\/strong><span style=\"color: #000000;\"><em>(30 ans d&rsquo;enseignement et d&rsquo;expertise en mouvement et \u00e9nerg\u00e9tique corporelle)<\/em><\/span><\/p>\n<p><!-- \/wp:list-item --><\/p>\n<p><!-- \/wp:list --><\/p>\n<p><!-- wp:paragraph --><\/p>\n<p><strong><span style=\"color: #ff0000;\">\u00a0<\/span><\/strong><\/p>\n<p><strong><span style=\"color: #ff0000;\">REFERENCES<\/span><\/strong><\/p>\n<p><!-- \/wp:paragraph --><\/p>\n<p><!-- wp:separator --><\/p>\n<hr class=\"wp-block-separator has-alpha-channel-opacity\" \/>\n<p><!-- \/wp:separator --><\/p>\n<p><!-- wp:paragraph --><\/p>\n<p><span style=\"color: #000000;\">Lors des formations, plusieurs intervenants viennent t\u00e9moigner de l&rsquo;efficacit\u00e9 de la m\u00e9thode. Ils racontent leurs parcours et comment le Reboutement les a aid\u00e9.<\/span><\/p>\n<p><!-- \/wp:paragraph --><\/p>\n<p><!-- wp:paragraph --><\/p>\n<p><span style=\"color: #000000;\">La m\u00e9thode Ost\u00e9o-Rebouteux\u00ae est le fruit de nombreuses ann\u00e9es de recherche et surtout de milliers d&rsquo;heures de pratique et de partage.<\/span><\/p>\n<p><!-- \/wp:paragraph --><\/p>\n<p><!-- wp:paragraph --><\/p>\n<p><span style=\"color: #000000;\">De nombreux sportifs de haut niveau font le choix de la m\u00e9thode Ost\u00e9o-Rebouteux\u00ae, notamment les Clubs de Lutte olympique d&rsquo;Annecy et de Montreal la Cluse (<strong>champion et vice championne de France<\/strong> &#8230;), les 24h du Mans, la Coupe du Monde de Rugby (<strong> l&rsquo;\u00e9quipe de Rugby des \u00eeles Fidji <\/strong>) ou encore au 24h du Mans &#8230;. et bien d&rsquo;autres comp\u00e9titeurs, en Ski (vice championne du monde ski alpin, ESF&#8230;etc..), Tennis, Arts Martiaux, Basket, Escrime, Equitation&#8230;.<\/span><\/p>\n<p><!-- \/wp:paragraph --><\/p>\n<p><!-- wp:image {\"id\":624,\"linkDestination\":\"custom\"} --><\/p>\n<figure><\/figure>\n<figure class=\"wp-block-image\">\n<div id=\"attachment_624\" style=\"width: 310px\" class=\"wp-caption aligncenter\"><a href=\"http:\/\/1 &lt;\/p&gt; &lt;p&gt;\u00a9 2010-2018 WPbeginenr.com&lt;\/p&gt; &lt;p&gt;\"><img decoding=\"async\" aria-describedby=\"caption-attachment-624\" src=\"http:\/\/formation-rebouteux.fr\/wp-content\/uploads\/2018\/03\/img027-e1520183075709-300x143.jpg\" alt=\"\" class=\"wp-image-624\" width=\"300\" height=\"143\" srcset=\"http:\/\/formation-rebouteux.fr\/wp-content\/uploads\/2018\/03\/img027-e1520183075709-300x143.jpg 300w, http:\/\/formation-rebouteux.fr\/wp-content\/uploads\/2018\/03\/img027-e1520183075709.jpg 676w\" sizes=\"(max-width: 300px) 100vw, 300px\" \/><\/a><p id=\"caption-attachment-624\" class=\"wp-caption-text\">Ost\u00e9o Rebouteux pour l&rsquo;\u00e9quipe des Fidji\u00a0en finale de la coupe du monde de rugby<\/p><\/div>\n<div id=\"attachment_995\" style=\"width: 310px\" class=\"wp-caption aligncenter\"><img fetchpriority=\"high\" decoding=\"async\" aria-describedby=\"caption-attachment-995\" src=\"http:\/\/formation-rebouteux.fr\/wp-content\/uploads\/2019\/05\/20190508_00001_002-e1557326429517-300x212.jpg\" alt=\"\" class=\"wp-image-995\" width=\"300\" height=\"212\" srcset=\"http:\/\/formation-rebouteux.fr\/wp-content\/uploads\/2019\/05\/20190508_00001_002-e1557326429517-300x212.jpg 300w, http:\/\/formation-rebouteux.fr\/wp-content\/uploads\/2019\/05\/20190508_00001_002-e1557326429517-768x543.jpg 768w, http:\/\/formation-rebouteux.fr\/wp-content\/uploads\/2019\/05\/20190508_00001_002-e1557326429517-1024x724.jpg 1024w\" sizes=\"(max-width: 300px) 100vw, 300px\" \/><p id=\"caption-attachment-995\" class=\"wp-caption-text\">\u00ab\u00a0Elo\u00efse\u00a0\u00bb Vice championne de France de Lutte \/ Club ASML avec \u00ab\u00a0Christophe Bourgeois\u00a0\u00bb<\/p><\/div>\n<\/figure>\n<p><!-- \/wp:image --><\/p>\n<p><!-- wp:image {\"id\":412,\"linkDestination\":\"custom\"} --><\/p>\n<figure class=\"wp-block-image\"><a href=\"http:\/\/1 &lt;\/p&gt; &lt;p&gt;\u00a9 2010-2018 WPbeginenr.com&lt;\/p&gt; &lt;p&gt;\"><\/a><\/figure>\n<p><!-- \/wp:image --><\/p>\n<p><!-- wp:image {\"id\":995} --><\/p>\n<p><!-- \/wp:image --><\/p>\n<p><!-- wp:heading {\"level\":3,\"align\":\"center\"} --><\/p>\n<div id=\"attachment_625\" style=\"width: 248px\" class=\"wp-caption alignleft\"><img loading=\"lazy\" decoding=\"async\" aria-describedby=\"caption-attachment-625\" src=\"http:\/\/formation-rebouteux.fr\/wp-content\/uploads\/2018\/03\/KineAuBoulot-e1520183923726-238x300.jpg\" alt=\"\" width=\"238\" height=\"300\" class=\"wp-image-625 size-medium\" srcset=\"http:\/\/formation-rebouteux.fr\/wp-content\/uploads\/2018\/03\/KineAuBoulot-e1520183923726-238x300.jpg 238w, http:\/\/formation-rebouteux.fr\/wp-content\/uploads\/2018\/03\/KineAuBoulot-e1520183923726.jpg 299w\" sizes=\"(max-width: 238px) 100vw, 238px\" \/><p id=\"caption-attachment-625\" class=\"wp-caption-text\">les 24h du Mans avec \u00ab\u00a0Franck\u00a0\u00bb<\/p><\/div>\n<h3><\/h3>\n<h3><\/h3>\n<h3><\/h3>\n<h3><\/h3>\n<h3><\/h3>\n<h3><\/h3>\n<h3 class=\"wp-block-heading\"><em><span style=\"color: #000000;\">Commentaires<\/span><\/em><\/h3>\n<p><!-- \/wp:heading --><\/p>\n<p><!-- wp:separator --><\/p>\n<hr class=\"wp-block-separator has-alpha-channel-opacity\" \/>\n<p><!-- \/wp:separator --><\/p>\n<p><!-- wp:paragraph --><\/p>\n<p><em>Un petit t\u00e9moignage de ma participation \u00e0 la formation \u00ab ost\u00e9o rebouteux \u00bb anim\u00e9 par Christophe bourgeois, avant notre rencontre je sortais d\u2019\u00e9cole d\u2019ost\u00e9opathie et je n\u2019\u00e9tais pas convaincu par l\u2019enseignement et les comp\u00e9tences qu\u2019il en r\u00e9sultait.<\/em><br \/><em>Apr\u00e8s avoir \u00e9tait initi\u00e9 en Ost\u00e9o-Rebouteux mes comp\u00e9tences manuelles et ma certitude sur les r\u00e9sultats que j&rsquo;obtiendrai se sont confirm\u00e9s tr\u00e8s rapidement.<\/em><br \/><em>j\u2019ai r\u00e9ussi \u00e0 \u00eatre tr\u00e8s rapidement pris au s\u00e9rieux par des sportifs de haut niveau comme des motards (bol d&rsquo;or, championnat d\u2019europe d\u2019enduro, pilote dakar\u2026), skieurs \u00e9quipe de france, cavalier (champion d\u2019europe cuuting \u00e0 \u00e9quita lyon 2017),trailler UTMB ,pilote vtt enduro world s\u00e9ries, rugby \u00e9quipe des fidji. Un grand merci \u00e0 Christophe pour cette formation s\u00e9rieuse et aboutie.<\/em><\/p>\n<p style=\"text-align: left;\"><em><span style=\"color: #000000;\">\u00a0 \u00a0 \u00a0 \u00a0 \u00a0 \u00a0 \u00a0 \u00a0 \u00a0 \u00a0 \u00a0 \u00a0 \u00a0 \u00a0 \u00a0 \u00a0 \u00a0 \u00a0 \u00a0 \u00ab\u00a0Franck\u00a0\u00bb<\/span><\/em><\/p>\n<p><\/p>\n<p><em>Merci Christophe pour cette formidable rencontre. Une exp\u00e9rience \u00ab extraordinaire \u00bb.<\/em><br \/><em>Je repars riche de connaissances pratiques et th\u00e9oriques, mais aussi grandit.<\/em><br \/><em>Christophe est un homme extraordinaire et bienveillant, qui transmet son savoir et ses exp\u00e9riences sans retenues.<\/em><br \/><em>Petit groupe de travail, ce qui permet de mettre en application toutes les infos th\u00e9oriques sans perdre de temps.<\/em><br \/><em>Christophe est l\u00e0 pour nous corriger, pour r\u00e9pondre \u00e0 nos questions et nous enseigner.<\/em><br \/><em>Merci, je peux enfin envisager ma reconversion professionnelle, et je sais que tu restes pr\u00e9sent si j\u2019ai des interrogations\u2026.<\/em><br \/><em>Merci<\/em><\/p>\n<p><!-- \/wp:paragraph --><\/p>\n<p><!-- wp:paragraph {\"align\":\"center\"} --><\/p>\n<p class=\"has-text-align-center\"><em><span style=\"color: #000000;\">\u00ab\u00a0Sylvie\u00a0\u00bb<\/span><\/em><\/p>\n<p><!-- \/wp:paragraph --><\/p>\n<p><!-- wp:paragraph --><\/p>\n<p><em>Je ne peux qu\u2019approuver largement la m\u00e9thode de soin de Christophe. Je suis ravie que son \u00e9nergie et son savoir puisse \u00eatre partag\u0117. Sportive de haut niveau, j\u2019ai \u00e9t\u00e9 suivie par des kin\u00e9s et des ost\u00e9opathes, mais \u00e7a prenait beaucoup de s\u00e9ances pour trop peu de r\u00e9sultats. Christophe m\u2019a gu\u00e9rit de mon entorse cervicale, mes blessures multiples en 1 s\u00e9ance \u00e0 chaque fois. Et les bobos sont m\u00eame devenus plus rares!<\/em><\/p>\n<p><!-- \/wp:paragraph --><\/p>\n<p><!-- wp:paragraph {\"align\":\"center\"} --><\/p>\n<p class=\"has-text-align-center\"><em><span style=\"color: #000000;\">\u00ab\u00a0Myriam\u00a0\u00bb<\/span><\/em><\/p>\n<p><!-- \/wp:paragraph --><\/p>\n<p><!-- wp:paragraph --><\/p>\n<p><em>Les comp\u00e9tences de Christophe, sa patience et son go\u00fbt pour transmettre font de lui un excellent p\u00e9dagogue.<\/em><br \/><em>Les Ateliers allient connaissances pratiques et th\u00e9oriques, conseils, cas concrets et retour d\u2019exp\u00e9riences. Apr\u00e8s des ann\u00e9es \u00e0 chercher \u00e0 apprendre la technique ancestrale du reboutement, j\u2019ai enfin trouver la personne ad\u00e9quate, une personne bienveillante et qui transmet son savoir sans retenue.<\/em><br \/><em>Je peux enfin pratiquer avec les bons outils ! Un grand merci \u00e0 toi<\/em><\/p>\n<p><!-- \/wp:paragraph --><\/p>\n<p><!-- wp:paragraph {\"align\":\"center\"} --><\/p>\n<p class=\"has-text-align-center\"><em><span style=\"color: #000000;\">\u00ab\u00a0G\u00e9raldine\u00a0\u00bb<\/span><\/em><\/p>\n<p><!-- \/wp:paragraph --><\/p>\n<p><!-- wp:paragraph --><\/p>\n<p><em>La formation propos\u00e9e par Christophe allie th\u00e9orie, beaucoup de pratique, bienveillance et partage. On entre rapidement dans le vif du sujet avec des cas concrets ! Christophe est \u00e0 l\u2019\u00e9coute et adapte son cours en fonction des participants et de leur niveau. A recommander.<\/em><\/p>\n<p><!-- \/wp:paragraph --><\/p>\n<p><!-- wp:paragraph {\"align\":\"center\"} --><\/p>\n<p class=\"has-text-align-center\"><em><span style=\"color: #000000;\">\u00ab\u00a0Sabine\u00a0\u00bb<\/span><\/em><\/p>\n<p><!-- \/wp:paragraph --><\/p>\n<p><!-- wp:paragraph --><\/p>\n<p><em>Une session riche en enseignements. Tout au long de la semaine Christophe partage tout son savoir et son exp\u00e9rience dans une ambiance conviviale.<\/em><br \/><em>Son choix de transmettre a un petit groupe , lui permet de corriger nos erreur de novices, ce qui a pour but de nous faire \u00e9voluer rapidement;<\/em><br \/><em>Un m\u00e9lange subtil de th\u00e9orie et de pratique \u00e9quilibre les journ\u00e9es.<\/em><br \/><em>Merci Christophe pour la transmission de ton riche savoir , qui me laisse entrevoir maintenant ,une reconversion professionnelle possible dans l\u2019univers des Ost\u00e9o-rebouteux<\/em><br \/><em>je conseil vivement cette m\u00e9thode sans h\u00e9sitation.<\/em><\/p>\n<p><!-- \/wp:paragraph --><\/p>\n<p><!-- wp:paragraph {\"align\":\"center\"} --><\/p>\n<p class=\"has-text-align-center\"><em><span style=\"color: #000000;\">\u00ab\u00a0Patrick\u00a0\u00bb<\/span><\/em><\/p>\n<p><!-- \/wp:paragraph --><\/p>\n<p><!-- wp:paragraph --><\/p>\n<p><em>Christophe : un rebouteux g\u00e9n\u00e9reux et professionnel, avec une \u00e9nergie positive.<\/em><br \/><em>Une belle rencontre.<\/em><br \/><em>Une exp\u00e9rience enrichissante qui va me permettre de prendre un nouveau d\u00e9part avec un bon bagage en main!<\/em><br \/><em>Un grand merci accompagn\u00e9 d\u2019une reconnaissance pour ce th\u00e9rapeute en or.<\/em><\/p>\n<p><!-- \/wp:paragraph --><\/p>\n<p><!-- wp:paragraph {\"align\":\"center\"} --><\/p>\n<p class=\"has-text-align-center\"><span style=\"color: #000000;\"><em>\u00ab\u00a0Julie\u00a0\u00bb<\/em><\/span><\/p>\n<p><!-- \/wp:paragraph --><\/p>\n<p><!-- wp:paragraph --><\/p>\n<p><em>Christophe est tr\u00e8s pro et attentif \u00e0 chaque personne du groupe. S<\/em><em>uperbe semaine et les r\u00e9sultats sont plus que miraculeux sur moi,\u00a0 Christophe m\u2019a enlev\u00e9 une douleur au dos le premier jour de formation. Foncez et n&rsquo;ayez aucun regret. Merci !<br \/><\/em><\/p>\n<p><!-- \/wp:paragraph --><\/p>\n<p><!-- wp:paragraph {\"align\":\"center\"} --><\/p>\n<p class=\"has-text-align-center\"><span style=\"color: #000000;\"><em>\u00ab\u00a0Andr\u00e9\u00a0\u00bb<\/em><\/span><\/p>\n<p><!-- \/wp:paragraph --><\/p>\n<p><!-- wp:paragraph --><\/p>\n<p><em>J\u2019ai effectu\u00e9 la formation ost\u00e9o-rebouteux et j\u2019ai ador\u00e9. En arrivant, Christophe nous a dit qu\u2019\u00e0 midi on saurait remettre un bassin en place!!! Et effectivement ce fut bien le cas! Christophe explique tr\u00e8s bien les techniques, fait sur nous pour le ressenti, et ensuite on s\u2019exerce (on fait beaucoup de pratique)..il est vigilant sur nos gestes et nous reprend et r\u00e9explique jusqu\u2019\u00e0 qu\u2019on est acquis les bons gestes. Je ne pouvais esp\u00e9rer autant en m&rsquo;inscrivant \u00e0 cette formation. On en sort vraiment apte \u00e0 exercer apr\u00e8s s\u2019\u00eatre exerc\u00e9 sur son entourage\u2026 Je me sens vraiment confiante pour \u00eatre th\u00e9rapeute. Une semaine g\u00e9niale ou j\u2019ai rencontr\u00e9 de belles personnes , d\u00e9couvert le reboutement et pleins d\u2019autres choses\u2026.cette semaine restera grav\u00e9e en moi\u2026 Merci Christophe pour tout\u2026<\/em><\/p>\n<p><!-- \/wp:paragraph --><\/p>\n<p><!-- wp:paragraph {\"align\":\"center\"} --><\/p>\n<p class=\"has-text-align-center\"><span style=\"color: #000000;\"><em>\u00ab\u00a0Sandrine\u00a0\u00bb<\/em><\/span><\/p>\n<p><!-- \/wp:paragraph --><\/p>\n<p><!-- wp:paragraph --><\/p>\n<p><em>La m\u00e9thode ost\u00e9o-rebouteux dispens\u00e9e par Christophe est exceptionnelle. Une semaine riche en pratique, en partage et en bienveillance. Christophe est patient, rigoureux et tr\u00e8s attentif. Chaque manipulation est effectu\u00e9e sous ses yeux, il nous guide et n\u2019h\u00e9site pas \u00e0 faire le \u00ab cobaye \u00bb pour nous venir en aide.<\/em><br \/><em>Cette exp\u00e9rience a \u00e9t\u00e9 une v\u00e9ritable r\u00e9v\u00e9lation pour moi. Je suis reparti grandi, confiante et lib\u00e9r\u00e9e.<\/em><br \/><em>Je vous recommande vivement !<br \/><em>Merci pour ta g\u00e9n\u00e9rosit\u00e9 Christophe!<\/em><\/em><\/p>\n<p><!-- \/wp:paragraph --><\/p>\n<p><!-- wp:paragraph {\"align\":\"center\"} --><\/p>\n<p class=\"has-text-align-center\"><em><span style=\"color: #000000;\">\u00ab\u00a0Candice\u00a0\u00bb<\/span><\/em><\/p>\n<p><!-- \/wp:paragraph --><\/p>\t\t\t\t\t\t<\/div>\n\t\t\t\t<\/div>\n\t\t\t\t\t<\/div>\n\t\t\t\t<\/div>\n\t\t\t\t<\/div>\n\t\t","protected":false},"excerpt":{"rendered":"<p>OSTEO REBOUTEUX\u00ae \u00ab La Formation Ost\u00e9o-Rebouteux est une invitation\u00a0\u00e0 r\u00e9v\u00e9ler et d\u00e9velopper le potentiel de gu\u00e9risseur pr\u00e9sent en chacun(e). Elle s&rsquo;appuie sur une approche \u00e9quilibr\u00e9e entre pratique, th\u00e9orie et ressenti, favorisant l&rsquo;\u00e9veil, la transmission et le partage, dans un cadre accessible \u00e0 tous niveaux. Traditionnellement, le rebouteux d\u00e9couvre son don<\/p>\n","protected":false},"author":1,"featured_media":0,"parent":0,"menu_order":2,"comment_status":"closed","ping_status":"closed","template":"","meta":{"footnotes":""},"aioseo_notices":[],"_links":{"self":[{"href":"http:\/\/formation-rebouteux.fr\/index.php?rest_route=\/wp\/v2\/pages\/184"}],"collection":[{"href":"http:\/\/formation-rebouteux.fr\/index.php?rest_route=\/wp\/v2\/pages"}],"about":[{"href":"http:\/\/formation-rebouteux.fr\/index.php?rest_route=\/wp\/v2\/types\/page"}],"author":[{"embeddable":true,"href":"http:\/\/formation-rebouteux.fr\/index.php?rest_route=\/wp\/v2\/users\/1"}],"replies":[{"embeddable":true,"href":"http:\/\/formation-rebouteux.fr\/index.php?rest_route=%2Fwp%2Fv2%2Fcomments&post=184"}],"version-history":[{"count":338,"href":"http:\/\/formation-rebouteux.fr\/index.php?rest_route=\/wp\/v2\/pages\/184\/revisions"}],"predecessor-version":[{"id":2984,"href":"http:\/\/formation-rebouteux.fr\/index.php?rest_route=\/wp\/v2\/pages\/184\/revisions\/2984"}],"wp:attachment":[{"href":"http:\/\/formation-rebouteux.fr\/index.php?rest_route=%2Fwp%2Fv2%2Fmedia&parent=184"}],"curies":[{"name":"wp","href":"https:\/\/api.w.org\/{rel}","templated":true}]}}